{"id":7,"date":"2024-06-25T10:54:08","date_gmt":"2024-06-25T10:54:08","guid":{"rendered":"https:\/\/www.feuerwehr-selzach.ch\/?page_id=7"},"modified":"2024-10-01T12:20:18","modified_gmt":"2024-10-01T12:20:18","slug":"feuerwehr-selzach-willkommen","status":"publish","type":"page","link":"https:\/\/www.feuerwehr-selzach.ch\/","title":{"rendered":"Feuerwehr Selzach &#8211; Willkommen"},"content":{"rendered":"\t\t<div data-elementor-type=\"wp-page\" data-elementor-id=\"7\" class=\"elementor elementor-7\">\n\t\t\t\t<div class=\"elementor-element elementor-element-4c49181 e-con-full e-flex e-con e-parent\" data-id=\"4c49181\" data-element_type=\"container\" data-e-type=\"container\">\n\t\t<div class=\"elementor-element elementor-element-37794e7 e-con-full e-flex e-con e-child\" data-id=\"37794e7\" data-element_type=\"container\" data-e-type=\"container\">\n\t\t\t\t<div class=\"elementor-element elementor-element-1b5bacc elementor-widget__width-initial elementor-widget-mobile__width-initial elementor-widget elementor-widget-image\" data-id=\"1b5bacc\" data-element_type=\"widget\" data-e-type=\"widget\" data-widget_type=\"image.default\">\n\t\t\t\t<div class=\"elementor-widget-container\">\n\t\t\t\t\t\t\t\t\t\t\t\t\t\t\t<img fetchpriority=\"high\" decoding=\"async\" width=\"186\" height=\"753\" src=\"https:\/\/www.feuerwehr-selzach.ch\/wp-content\/uploads\/2024\/06\/Logo-Feuerwehr-90.jpg\" class=\"attachment-full size-full wp-image-13\" alt=\"\" srcset=\"https:\/\/www.feuerwehr-selzach.ch\/wp-content\/uploads\/2024\/06\/Logo-Feuerwehr-90.jpg 186w, https:\/\/www.feuerwehr-selzach.ch\/wp-content\/uploads\/2024\/06\/Logo-Feuerwehr-90-74x300.jpg 74w\" sizes=\"(max-width: 186px) 100vw, 186px\" \/>\t\t\t\t\t\t\t\t\t\t\t\t\t\t\t<\/div>\n\t\t\t\t<\/div>\n\t\t\t\t<\/div>\n\t\t<div class=\"elementor-element elementor-element-bbde938 e-con-full e-flex e-con e-child\" data-id=\"bbde938\" data-element_type=\"container\" data-e-type=\"container\">\n\t\t<div class=\"elementor-element elementor-element-ca671c8 e-con-full e-flex e-con e-child\" data-id=\"ca671c8\" data-element_type=\"container\" data-e-type=\"container\">\n\t\t\t\t<div class=\"elementor-element elementor-element-f1d03a0 elementor-widget elementor-widget-heading\" data-id=\"f1d03a0\" data-element_type=\"widget\" data-e-type=\"widget\" data-widget_type=\"heading.default\">\n\t\t\t\t<div class=\"elementor-widget-container\">\n\t\t\t\t\t<h2 class=\"elementor-heading-title elementor-size-default\">FEUERWEHR<\/h2>\t\t\t\t<\/div>\n\t\t\t\t<\/div>\n\t\t\t\t<\/div>\n\t\t<div class=\"elementor-element elementor-element-b59e538 e-con-full e-flex e-con e-child\" data-id=\"b59e538\" data-element_type=\"container\" data-e-type=\"container\">\n\t\t\t\t<div class=\"elementor-element elementor-element-3c27405 elementor-widget__width-initial elementor-widget elementor-widget-heading\" data-id=\"3c27405\" data-element_type=\"widget\" data-e-type=\"widget\" data-widget_type=\"heading.default\">\n\t\t\t\t<div class=\"elementor-widget-container\">\n\t\t\t\t\t<h2 class=\"elementor-heading-title elementor-size-default\">SELZACH<\/h2>\t\t\t\t<\/div>\n\t\t\t\t<\/div>\n\t\t\t\t<\/div>\n\t\t\t\t<\/div>\n\t\t\t\t<\/div>\n\t\t<div class=\"elementor-element elementor-element-6887477 e-con-full elementor-hidden-desktop elementor-hidden-tablet elementor-hidden-mobile e-flex e-con e-parent\" data-id=\"6887477\" data-element_type=\"container\" data-e-type=\"container\">\n\t\t<div class=\"elementor-element elementor-element-d3e651c e-con-full e-flex e-con e-child\" data-id=\"d3e651c\" data-element_type=\"container\" data-e-type=\"container\">\n\t\t\t\t<div class=\"elementor-element elementor-element-5f09f13 elementor-widget elementor-widget-image\" data-id=\"5f09f13\" data-element_type=\"widget\" data-e-type=\"widget\" data-widget_type=\"image.default\">\n\t\t\t\t<div class=\"elementor-widget-container\">\n\t\t\t\t\t\t\t\t\t\t\t\t\t\t\t\t<a href=\"https:\/\/www.feuerwehr-selzach.ch\/wp-content\/uploads\/2024\/06\/bilder19.jpg\" data-elementor-open-lightbox=\"yes\" data-elementor-lightbox-title=\"bilder19\" data-e-action-hash=\"#elementor-action%3Aaction%3Dlightbox%26settings%3DeyJpZCI6MjksInVybCI6Imh0dHBzOlwvXC93d3cuZmV1ZXJ3ZWhyLXNlbHphY2guY2hcL3dwLWNvbnRlbnRcL3VwbG9hZHNcLzIwMjRcLzA2XC9iaWxkZXIxOS5qcGcifQ%3D%3D\">\n\t\t\t\t\t\t\t<img decoding=\"async\" width=\"384\" height=\"256\" src=\"https:\/\/www.feuerwehr-selzach.ch\/wp-content\/uploads\/2024\/06\/bilder19.jpg\" class=\"attachment-full size-full wp-image-29\" alt=\"\" srcset=\"https:\/\/www.feuerwehr-selzach.ch\/wp-content\/uploads\/2024\/06\/bilder19.jpg 384w, https:\/\/www.feuerwehr-selzach.ch\/wp-content\/uploads\/2024\/06\/bilder19-300x200.jpg 300w\" sizes=\"(max-width: 384px) 100vw, 384px\" \/>\t\t\t\t\t\t\t\t<\/a>\n\t\t\t\t\t\t\t\t\t\t\t\t\t\t\t<\/div>\n\t\t\t\t<\/div>\n\t\t\t\t<\/div>\n\t\t<div class=\"elementor-element elementor-element-2f35932 e-con-full e-flex e-con e-child\" data-id=\"2f35932\" data-element_type=\"container\" data-e-type=\"container\">\n\t\t\t\t<div class=\"elementor-element elementor-element-a454e24 elementor-widget__width-initial elementor-widget elementor-widget-text-editor\" data-id=\"a454e24\" data-element_type=\"widget\" data-e-type=\"widget\" data-widget_type=\"text-editor.default\">\n\t\t\t\t<div class=\"elementor-widget-container\">\n\t\t\t\t\t\t\t\t\t<p>Unsere Feuerwehr steht seit 1880 im Dienst der Sicherheit und des Schutzes unserer Gemeinde. Mit Herz und Leidenschaft sorgen wir daf\u00fcr, dass Sie sich in Ihrem Zuhause sicher f\u00fchlen k\u00f6nnen. Egal ob Br\u00e4nde, technische Hilfeleistungen oder Naturereigniss \u2013 wir sind f\u00fcr Sie da, rund um die Uhr, an 365 Tagen im Jahr.<\/p>\t\t\t\t\t\t\t\t<\/div>\n\t\t\t\t<\/div>\n\t\t\t\t<\/div>\n\t\t\t\t<\/div>\n\t\t<div class=\"elementor-element elementor-element-49ac954 e-flex e-con-boxed e-con e-parent\" data-id=\"49ac954\" data-element_type=\"container\" data-e-type=\"container\" data-settings=\"{&quot;background_background&quot;:&quot;classic&quot;,&quot;shape_divider_top&quot;:&quot;tilt&quot;,&quot;shape_divider_bottom&quot;:&quot;tilt&quot;}\">\n\t\t\t\t\t<div class=\"e-con-inner\">\n\t\t\t\t<div class=\"elementor-shape elementor-shape-top\" aria-hidden=\"true\" data-negative=\"false\">\n\t\t\t<svg xmlns=\"http:\/\/www.w3.org\/2000\/svg\" viewBox=\"0 0 1000 100\" preserveAspectRatio=\"none\">\n\t<path class=\"elementor-shape-fill\" d=\"M0,6V0h1000v100L0,6z\"\/>\n<\/svg>\t\t<\/div>\n\t\t\t\t<div class=\"elementor-shape elementor-shape-bottom\" aria-hidden=\"true\" data-negative=\"false\">\n\t\t\t<svg xmlns=\"http:\/\/www.w3.org\/2000\/svg\" viewBox=\"0 0 1000 100\" preserveAspectRatio=\"none\">\n\t<path class=\"elementor-shape-fill\" d=\"M0,6V0h1000v100L0,6z\"\/>\n<\/svg>\t\t<\/div>\n\t\t\t\t<div class=\"elementor-element elementor-element-7ca5de2 elementor-widget elementor-widget-heading\" data-id=\"7ca5de2\" data-element_type=\"widget\" data-e-type=\"widget\" data-widget_type=\"heading.default\">\n\t\t\t\t<div class=\"elementor-widget-container\">\n\t\t\t\t\t<h2 class=\"elementor-heading-title elementor-size-default\">Die Seite befindet sich im Aufbau!!!<\/h2>\t\t\t\t<\/div>\n\t\t\t\t<\/div>\n\t\t\t\t\t<\/div>\n\t\t\t\t<\/div>\n\t\t<div class=\"elementor-element elementor-element-2c14f90 e-con-full e-flex e-con e-parent\" data-id=\"2c14f90\" data-element_type=\"container\" data-e-type=\"container\">\n\t\t\t\t<div class=\"elementor-element elementor-element-ee00da1 elementor-widget elementor-widget-heading\" data-id=\"ee00da1\" data-element_type=\"widget\" data-e-type=\"widget\" data-widget_type=\"heading.default\">\n\t\t\t\t<div class=\"elementor-widget-container\">\n\t\t\t\t\t<h2 class=\"elementor-heading-title elementor-size-default\">Feuerwehrtechnische Links<\/h2>\t\t\t\t<\/div>\n\t\t\t\t<\/div>\n\t\t\t\t<\/div>\n\t\t<div class=\"elementor-element elementor-element-ff88a71 e-con-full e-flex e-con e-parent\" data-id=\"ff88a71\" data-element_type=\"container\" data-e-type=\"container\">\n\t\t<div class=\"elementor-element elementor-element-88b4ee2 e-con-full e-flex e-con e-child\" data-id=\"88b4ee2\" data-element_type=\"container\" data-e-type=\"container\">\n\t\t\t\t<div class=\"elementor-element elementor-element-7481060 elementor-widget elementor-widget-heading\" data-id=\"7481060\" data-element_type=\"widget\" data-e-type=\"widget\" data-widget_type=\"heading.default\">\n\t\t\t\t<div class=\"elementor-widget-container\">\n\t\t\t\t\t<h2 class=\"elementor-heading-title elementor-size-default\">Einwohnergemeinde Selzach<\/h2>\t\t\t\t<\/div>\n\t\t\t\t<\/div>\n\t\t\t\t<\/div>\n\t\t<div class=\"elementor-element elementor-element-3510c99 e-con-full e-flex e-con e-child\" data-id=\"3510c99\" data-element_type=\"container\" data-e-type=\"container\">\n\t\t\t\t<div class=\"elementor-element elementor-element-fb6cc97 elementor-widget elementor-widget-image\" data-id=\"fb6cc97\" data-element_type=\"widget\" data-e-type=\"widget\" data-widget_type=\"image.default\">\n\t\t\t\t<div class=\"elementor-widget-container\">\n\t\t\t\t\t\t\t\t\t\t\t\t\t\t\t\t<a href=\"https:\/\/www.selzach.ch\/\" target=\"_blank\" rel=\"nofollow\">\n\t\t\t\t\t\t\t<img decoding=\"async\" width=\"211\" height=\"239\" src=\"https:\/\/www.feuerwehr-selzach.ch\/wp-content\/uploads\/2024\/06\/images.png\" class=\"attachment-full size-full wp-image-122\" alt=\"\" \/>\t\t\t\t\t\t\t\t<\/a>\n\t\t\t\t\t\t\t\t\t\t\t\t\t\t\t<\/div>\n\t\t\t\t<\/div>\n\t\t\t\t<\/div>\n\t\t\t\t<\/div>\n\t\t<div class=\"elementor-element elementor-element-c926b04 e-con-full e-flex e-con e-parent\" data-id=\"c926b04\" data-element_type=\"container\" data-e-type=\"container\">\n\t\t<div class=\"elementor-element elementor-element-d29678a e-con-full e-flex e-con e-child\" data-id=\"d29678a\" data-element_type=\"container\" data-e-type=\"container\">\n\t\t\t\t<div class=\"elementor-element elementor-element-726c8ed elementor-widget elementor-widget-heading\" data-id=\"726c8ed\" data-element_type=\"widget\" data-e-type=\"widget\" data-widget_type=\"heading.default\">\n\t\t\t\t<div class=\"elementor-widget-container\">\n\t\t\t\t\t<h2 class=\"elementor-heading-title elementor-size-default\">Support Feuerwehr Grenchen<\/h2>\t\t\t\t<\/div>\n\t\t\t\t<\/div>\n\t\t\t\t<\/div>\n\t\t<div class=\"elementor-element elementor-element-d971a0f e-con-full e-flex e-con e-child\" data-id=\"d971a0f\" data-element_type=\"container\" data-e-type=\"container\">\n\t\t\t\t<div class=\"elementor-element elementor-element-faf664a elementor-widget elementor-widget-image\" data-id=\"faf664a\" data-element_type=\"widget\" data-e-type=\"widget\" data-widget_type=\"image.default\">\n\t\t\t\t<div class=\"elementor-widget-container\">\n\t\t\t\t\t\t\t\t\t\t\t\t\t\t\t\t<a href=\"https:\/\/feuerwehrgrenchen.ch\/\" target=\"_blank\" rel=\"nofollow\">\n\t\t\t\t\t\t\t<img loading=\"lazy\" decoding=\"async\" width=\"3938\" height=\"1068\" src=\"https:\/\/www.feuerwehr-selzach.ch\/wp-content\/uploads\/2024\/06\/FWGrenchen.png\" class=\"attachment-full size-full wp-image-75\" alt=\"\" srcset=\"https:\/\/www.feuerwehr-selzach.ch\/wp-content\/uploads\/2024\/06\/FWGrenchen.png 3938w, https:\/\/www.feuerwehr-selzach.ch\/wp-content\/uploads\/2024\/06\/FWGrenchen-300x81.png 300w, https:\/\/www.feuerwehr-selzach.ch\/wp-content\/uploads\/2024\/06\/FWGrenchen-1024x278.png 1024w, https:\/\/www.feuerwehr-selzach.ch\/wp-content\/uploads\/2024\/06\/FWGrenchen-768x208.png 768w, https:\/\/www.feuerwehr-selzach.ch\/wp-content\/uploads\/2024\/06\/FWGrenchen-1536x417.png 1536w, https:\/\/www.feuerwehr-selzach.ch\/wp-content\/uploads\/2024\/06\/FWGrenchen-2048x555.png 2048w\" sizes=\"(max-width: 3938px) 100vw, 3938px\" \/>\t\t\t\t\t\t\t\t<\/a>\n\t\t\t\t\t\t\t\t\t\t\t\t\t\t\t<\/div>\n\t\t\t\t<\/div>\n\t\t\t\t<\/div>\n\t\t\t\t<\/div>\n\t\t<div class=\"elementor-element elementor-element-53937b7 e-con-full e-flex e-con e-parent\" data-id=\"53937b7\" data-element_type=\"container\" data-e-type=\"container\">\n\t\t<div class=\"elementor-element elementor-element-6bbe897 e-con-full e-flex e-con e-child\" data-id=\"6bbe897\" data-element_type=\"container\" data-e-type=\"container\">\n\t\t\t\t<div class=\"elementor-element elementor-element-f013186 elementor-widget elementor-widget-heading\" data-id=\"f013186\" data-element_type=\"widget\" data-e-type=\"widget\" data-widget_type=\"heading.default\">\n\t\t\t\t<div class=\"elementor-widget-container\">\n\t\t\t\t\t<h2 class=\"elementor-heading-title elementor-size-default\">Solothurnische Geb\u00e4udeversicherung<\/h2>\t\t\t\t<\/div>\n\t\t\t\t<\/div>\n\t\t\t\t<\/div>\n\t\t<div class=\"elementor-element elementor-element-0217fe7 e-con-full e-flex e-con e-child\" data-id=\"0217fe7\" data-element_type=\"container\" data-e-type=\"container\">\n\t\t\t\t<div class=\"elementor-element elementor-element-4eb1845 elementor-widget elementor-widget-image\" data-id=\"4eb1845\" data-element_type=\"widget\" data-e-type=\"widget\" data-widget_type=\"image.default\">\n\t\t\t\t<div class=\"elementor-widget-container\">\n\t\t\t\t\t\t\t\t\t\t\t\t\t\t\t\t<a href=\"https:\/\/www.sgvso.ch\/\" target=\"_blank\" rel=\"nofollow\">\n\t\t\t\t\t\t\t<img loading=\"lazy\" decoding=\"async\" width=\"300\" height=\"100\" src=\"https:\/\/www.feuerwehr-selzach.ch\/wp-content\/uploads\/2024\/06\/sgvso-logo.png\" class=\"attachment-large size-large wp-image-64\" alt=\"\" \/>\t\t\t\t\t\t\t\t<\/a>\n\t\t\t\t\t\t\t\t\t\t\t\t\t\t\t<\/div>\n\t\t\t\t<\/div>\n\t\t\t\t<\/div>\n\t\t\t\t<\/div>\n\t\t<div class=\"elementor-element elementor-element-53ee664 e-con-full e-flex e-con e-parent\" data-id=\"53ee664\" data-element_type=\"container\" data-e-type=\"container\">\n\t\t<div class=\"elementor-element elementor-element-a1364c6 e-con-full e-flex e-con e-child\" data-id=\"a1364c6\" data-element_type=\"container\" data-e-type=\"container\">\n\t\t\t\t<div class=\"elementor-element elementor-element-c58c426 elementor-widget elementor-widget-heading\" data-id=\"c58c426\" data-element_type=\"widget\" data-e-type=\"widget\" data-widget_type=\"heading.default\">\n\t\t\t\t<div class=\"elementor-widget-container\">\n\t\t\t\t\t<h2 class=\"elementor-heading-title elementor-size-default\">Feuerwehrverband Kanton Solothurn<\/h2>\t\t\t\t<\/div>\n\t\t\t\t<\/div>\n\t\t\t\t<\/div>\n\t\t<div class=\"elementor-element elementor-element-3fc4b0b e-con-full e-flex e-con e-child\" data-id=\"3fc4b0b\" data-element_type=\"container\" data-e-type=\"container\">\n\t\t\t\t<div class=\"elementor-element elementor-element-9b7e78c elementor-widget elementor-widget-image\" data-id=\"9b7e78c\" data-element_type=\"widget\" data-e-type=\"widget\" data-widget_type=\"image.default\">\n\t\t\t\t<div class=\"elementor-widget-container\">\n\t\t\t\t\t\t\t\t\t\t\t\t\t\t\t\t<a href=\"https:\/\/fkso.ch\/\" target=\"_blank\" rel=\"nofollow\">\n\t\t\t\t\t\t\t<img loading=\"lazy\" decoding=\"async\" width=\"1134\" height=\"194\" src=\"https:\/\/www.feuerwehr-selzach.ch\/wp-content\/uploads\/2024\/06\/FKSO_LOGO.png\" class=\"attachment-full size-full wp-image-71\" alt=\"\" srcset=\"https:\/\/www.feuerwehr-selzach.ch\/wp-content\/uploads\/2024\/06\/FKSO_LOGO.png 1134w, https:\/\/www.feuerwehr-selzach.ch\/wp-content\/uploads\/2024\/06\/FKSO_LOGO-300x51.png 300w, https:\/\/www.feuerwehr-selzach.ch\/wp-content\/uploads\/2024\/06\/FKSO_LOGO-1024x175.png 1024w, https:\/\/www.feuerwehr-selzach.ch\/wp-content\/uploads\/2024\/06\/FKSO_LOGO-768x131.png 768w\" sizes=\"(max-width: 1134px) 100vw, 1134px\" \/>\t\t\t\t\t\t\t\t<\/a>\n\t\t\t\t\t\t\t\t\t\t\t\t\t\t\t<\/div>\n\t\t\t\t<\/div>\n\t\t\t\t<\/div>\n\t\t\t\t<\/div>\n\t\t<div class=\"elementor-element elementor-element-a4aa13c e-con-full e-flex e-con e-parent\" data-id=\"a4aa13c\" data-element_type=\"container\" data-e-type=\"container\">\n\t\t<div class=\"elementor-element elementor-element-3fa11f4 e-con-full e-flex e-con e-child\" data-id=\"3fa11f4\" data-element_type=\"container\" data-e-type=\"container\">\n\t\t\t\t<div class=\"elementor-element elementor-element-8846bf5 elementor-widget elementor-widget-heading\" data-id=\"8846bf5\" data-element_type=\"widget\" data-e-type=\"widget\" data-widget_type=\"heading.default\">\n\t\t\t\t<div class=\"elementor-widget-container\">\n\t\t\t\t\t<h2 class=\"elementor-heading-title elementor-size-default\">Schweizerischer Feuerwehrverband<\/h2>\t\t\t\t<\/div>\n\t\t\t\t<\/div>\n\t\t\t\t<\/div>\n\t\t<div class=\"elementor-element elementor-element-67e873a e-con-full e-flex e-con e-child\" data-id=\"67e873a\" data-element_type=\"container\" data-e-type=\"container\">\n\t\t\t\t<div class=\"elementor-element elementor-element-f81e1e2 elementor-widget elementor-widget-image\" data-id=\"f81e1e2\" data-element_type=\"widget\" data-e-type=\"widget\" data-widget_type=\"image.default\">\n\t\t\t\t<div class=\"elementor-widget-container\">\n\t\t\t\t\t\t\t\t\t\t\t\t\t\t\t\t<a href=\"https:\/\/www.swissfire.ch\/\" target=\"_blank\" rel=\"nofollow\">\n\t\t\t\t\t\t\t<img loading=\"lazy\" decoding=\"async\" width=\"831\" height=\"325\" src=\"https:\/\/www.feuerwehr-selzach.ch\/wp-content\/uploads\/2024\/06\/831x325.png\" class=\"attachment-full size-full wp-image-79\" alt=\"\" srcset=\"https:\/\/www.feuerwehr-selzach.ch\/wp-content\/uploads\/2024\/06\/831x325.png 831w, https:\/\/www.feuerwehr-selzach.ch\/wp-content\/uploads\/2024\/06\/831x325-300x117.png 300w, https:\/\/www.feuerwehr-selzach.ch\/wp-content\/uploads\/2024\/06\/831x325-768x300.png 768w\" sizes=\"(max-width: 831px) 100vw, 831px\" \/>\t\t\t\t\t\t\t\t<\/a>\n\t\t\t\t\t\t\t\t\t\t\t\t\t\t\t<\/div>\n\t\t\t\t<\/div>\n\t\t\t\t<\/div>\n\t\t\t\t<\/div>\n\t\t<div class=\"elementor-element elementor-element-469889e e-con-full e-flex e-con e-parent\" data-id=\"469889e\" data-element_type=\"container\" data-e-type=\"container\">\n\t\t<div class=\"elementor-element elementor-element-d90791f e-con-full e-flex e-con e-child\" data-id=\"d90791f\" data-element_type=\"container\" data-e-type=\"container\">\n\t\t\t\t<div class=\"elementor-element elementor-element-a825ac6 elementor-widget elementor-widget-heading\" data-id=\"a825ac6\" data-element_type=\"widget\" data-e-type=\"widget\" data-widget_type=\"heading.default\">\n\t\t\t\t<div class=\"elementor-widget-container\">\n\t\t\t\t\t<h2 class=\"elementor-heading-title elementor-size-default\">Feuerwehr Koordination Schweiz<\/h2>\t\t\t\t<\/div>\n\t\t\t\t<\/div>\n\t\t\t\t<\/div>\n\t\t<div class=\"elementor-element elementor-element-169888c e-con-full e-flex e-con e-child\" data-id=\"169888c\" data-element_type=\"container\" data-e-type=\"container\">\n\t\t\t\t<div class=\"elementor-element elementor-element-9fcb624 elementor-widget elementor-widget-image\" data-id=\"9fcb624\" data-element_type=\"widget\" data-e-type=\"widget\" data-widget_type=\"image.default\">\n\t\t\t\t<div class=\"elementor-widget-container\">\n\t\t\t\t\t\t\t\t\t\t\t\t\t\t\t\t<a href=\"https:\/\/www.feukos.ch\/de\/\" target=\"_blank\" rel=\"nofollow\">\n\t\t\t\t\t\t\t<img loading=\"lazy\" decoding=\"async\" width=\"401\" height=\"112\" src=\"https:\/\/www.feuerwehr-selzach.ch\/wp-content\/uploads\/2024\/06\/6000_01_login-page-logo.jpg\" class=\"attachment-full size-full wp-image-136\" alt=\"\" srcset=\"https:\/\/www.feuerwehr-selzach.ch\/wp-content\/uploads\/2024\/06\/6000_01_login-page-logo.jpg 401w, https:\/\/www.feuerwehr-selzach.ch\/wp-content\/uploads\/2024\/06\/6000_01_login-page-logo-300x84.jpg 300w\" sizes=\"(max-width: 401px) 100vw, 401px\" \/>\t\t\t\t\t\t\t\t<\/a>\n\t\t\t\t\t\t\t\t\t\t\t\t\t\t\t<\/div>\n\t\t\t\t<\/div>\n\t\t\t\t<\/div>\n\t\t\t\t<\/div>\n\t\t<div class=\"elementor-element elementor-element-027359c e-con-full e-flex e-con e-parent\" data-id=\"027359c\" data-element_type=\"container\" data-e-type=\"container\">\n\t\t<div class=\"elementor-element elementor-element-e3b4f94 e-con-full e-flex e-con e-child\" data-id=\"e3b4f94\" data-element_type=\"container\" data-e-type=\"container\">\n\t\t\t\t<div class=\"elementor-element elementor-element-0154e9c elementor-widget elementor-widget-heading\" data-id=\"0154e9c\" data-element_type=\"widget\" data-e-type=\"widget\" data-widget_type=\"heading.default\">\n\t\t\t\t<div class=\"elementor-widget-container\">\n\t\t\t\t\t<h2 class=\"elementor-heading-title elementor-size-default\">Ausbildungskanal Fire Buddies<\/h2>\t\t\t\t<\/div>\n\t\t\t\t<\/div>\n\t\t\t\t<\/div>\n\t\t<div class=\"elementor-element elementor-element-455ed34 e-con-full e-flex e-con e-child\" data-id=\"455ed34\" data-element_type=\"container\" data-e-type=\"container\">\n\t\t\t\t<div class=\"elementor-element elementor-element-eb3e6f5 elementor-widget elementor-widget-image\" data-id=\"eb3e6f5\" data-element_type=\"widget\" data-e-type=\"widget\" data-widget_type=\"image.default\">\n\t\t\t\t<div class=\"elementor-widget-container\">\n\t\t\t\t\t\t\t\t\t\t\t\t\t\t\t\t<a href=\"https:\/\/www.youtube.com\/c\/FireBuddies\" target=\"_blank\" rel=\"nofollow\">\n\t\t\t\t\t\t\t<img loading=\"lazy\" decoding=\"async\" width=\"176\" height=\"176\" src=\"https:\/\/www.feuerwehr-selzach.ch\/wp-content\/uploads\/2024\/06\/firebuddies.jpg\" class=\"attachment-full size-full wp-image-129\" alt=\"\" srcset=\"https:\/\/www.feuerwehr-selzach.ch\/wp-content\/uploads\/2024\/06\/firebuddies.jpg 176w, https:\/\/www.feuerwehr-selzach.ch\/wp-content\/uploads\/2024\/06\/firebuddies-150x150.jpg 150w\" sizes=\"(max-width: 176px) 100vw, 176px\" \/>\t\t\t\t\t\t\t\t<\/a>\n\t\t\t\t\t\t\t\t\t\t\t\t\t\t\t<\/div>\n\t\t\t\t<\/div>\n\t\t\t\t<\/div>\n\t\t\t\t<\/div>\n\t\t\t\t<\/div>\n\t\t","protected":false},"excerpt":{"rendered":"<p>FEUERWEHR SELZACH Unsere Feuerwehr steht seit 1880 im Dienst der Sicherheit und des Schutzes unserer Gemeinde. Mit Herz und Leidenschaft sorgen wir daf\u00fcr, dass Sie sich in Ihrem Zuhause sicher f\u00fchlen k\u00f6nnen. Egal ob Br\u00e4nde, technische Hilfeleistungen oder Naturereigniss \u2013 wir sind f\u00fcr Sie da, rund um die Uhr, an 365 Tagen im Jahr. Die [&hellip;]<\/p>\n","protected":false},"author":1,"featured_media":0,"parent":0,"menu_order":0,"comment_status":"closed","ping_status":"closed","template":"elementor_canvas","meta":{"footnotes":""},"class_list":["post-7","page","type-page","status-publish","hentry"],"_links":{"self":[{"href":"https:\/\/www.feuerwehr-selzach.ch\/index.php?rest_route=\/wp\/v2\/pages\/7","targetHints":{"allow":["GET"]}}],"collection":[{"href":"https:\/\/www.feuerwehr-selzach.ch\/index.php?rest_route=\/wp\/v2\/pages"}],"about":[{"href":"https:\/\/www.feuerwehr-selzach.ch\/index.php?rest_route=\/wp\/v2\/types\/page"}],"author":[{"embeddable":true,"href":"https:\/\/www.feuerwehr-selzach.ch\/index.php?rest_route=\/wp\/v2\/users\/1"}],"replies":[{"embeddable":true,"href":"https:\/\/www.feuerwehr-selzach.ch\/index.php?rest_route=%2Fwp%2Fv2%2Fcomments&post=7"}],"version-history":[{"count":178,"href":"https:\/\/www.feuerwehr-selzach.ch\/index.php?rest_route=\/wp\/v2\/pages\/7\/revisions"}],"predecessor-version":[{"id":204,"href":"https:\/\/www.feuerwehr-selzach.ch\/index.php?rest_route=\/wp\/v2\/pages\/7\/revisions\/204"}],"wp:attachment":[{"href":"https:\/\/www.feuerwehr-selzach.ch\/index.php?rest_route=%2Fwp%2Fv2%2Fmedia&parent=7"}],"curies":[{"name":"wp","href":"https:\/\/api.w.org\/{rel}","templated":true}]}}